{"id":15,"date":"2015-12-04T02:08:42","date_gmt":"2015-12-04T02:08:42","guid":{"rendered":"http:\/\/theme-fusion.com\/avada\/construction\/?page_id=9"},"modified":"2025-11-13T17:12:10","modified_gmt":"2025-11-13T17:12:10","slug":"dif","status":"publish","type":"page","link":"https:\/\/dif.municipiodelnayar.gob.mx\/","title":{"rendered":"DIF"},"content":{"rendered":"<p><div class=\"fusion-fullwidth fullwidth-box fusion-builder-row-1 hundred-percent-fullwidth non-hundred-percent-height-scrolling\" style=\"--awb-border-radius-top-left:0px;--awb-border-radius-top-right:0px;--awb-border-radius-bottom-right:0px;--awb-border-radius-bottom-left:0px;--awb-padding-top:0px;--awb-padding-right:0px;--awb-padding-bottom:0px;--awb-padding-left:0px;--awb-margin-top:0px;--awb-margin-bottom:0px;--awb-background-color:#ffffff;--awb-flex-wrap:wrap;\" ><div class=\"fusion-builder-row fusion-row\"><div class=\"fusion-layout-column fusion_builder_column fusion-builder-column-0 fusion_builder_column_1_1 1_1 fusion-one-full fusion-column-first fusion-column-last\" style=\"--awb-bg-size:cover;--awb-margin-top:80px;--awb-margin-bottom:80px;\"><div class=\"fusion-column-wrapper fusion-flex-column-wrapper-legacy\"><div class=\"fusion-clearfix\"><\/div><\/div><\/div><\/div><\/div><div class=\"fusion-fullwidth fullwidth-box fusion-builder-row-2 nonhundred-percent-fullwidth non-hundred-percent-height-scrolling\" style=\"--awb-border-radius-top-left:0px;--awb-border-radius-top-right:0px;--awb-border-radius-bottom-right:0px;--awb-border-radius-bottom-left:0px;--awb-flex-wrap:wrap;\" ><div class=\"fusion-builder-row fusion-row\"><div class=\"fusion-layout-column fusion_builder_column fusion-builder-column-1 fusion_builder_column_1_1 1_1 fusion-one-full fusion-column-first fusion-column-last\" style=\"--awb-bg-size:cover;--awb-margin-top:40px;--awb-margin-bottom:80px;\"><div class=\"fusion-column-wrapper fusion-flex-column-wrapper-legacy\"><div class=\"fusion-text fusion-text-1\"><h2 style=\"text-align: center;\">ORGANIGRAMA<\/h2>\n<\/div><div class=\"fusion-text fusion-text-2\"><h2 style=\"text-align: center;\"><\/h2>\n<\/div><div class=\"fusion-image-element fusion-image-align-center in-legacy-container\" style=\"text-align:center;--awb-caption-title-font-family:var(--h2_typography-font-family);--awb-caption-title-font-weight:var(--h2_typography-font-weight);--awb-caption-title-font-style:var(--h2_typography-font-style);--awb-caption-title-size:var(--h2_typography-font-size);--awb-caption-title-transform:var(--h2_typography-text-transform);--awb-caption-title-line-height:var(--h2_typography-line-height);--awb-caption-title-letter-spacing:var(--h2_typography-letter-spacing);\"><div class=\"imageframe-align-center\"><span class=\" fusion-imageframe imageframe-none imageframe-1 hover-type-none\"><a class=\"fusion-no-lightbox\" href=\"https:\/\/dif.municipiodelnayar.gob.mx\/wp-content\/uploads\/2025\/11\/ORGANIGRAMA.pdf\" target=\"_self\" aria-label=\"Portada organigrama dif 2025\"><img decoding=\"async\" width=\"300\" height=\"164\" src=\"https:\/\/dif.municipiodelnayar.gob.mx\/wp-content\/uploads\/2025\/11\/Portada-organigrama-dif-2025-300x164.png\" alt class=\"img-responsive wp-image-9905\" srcset=\"https:\/\/dif.municipiodelnayar.gob.mx\/wp-content\/uploads\/2025\/11\/Portada-organigrama-dif-2025-200x110.png 200w, https:\/\/dif.municipiodelnayar.gob.mx\/wp-content\/uploads\/2025\/11\/Portada-organigrama-dif-2025-400x219.png 400w, https:\/\/dif.municipiodelnayar.gob.mx\/wp-content\/uploads\/2025\/11\/Portada-organigrama-dif-2025-600x329.png 600w, https:\/\/dif.municipiodelnayar.gob.mx\/wp-content\/uploads\/2025\/11\/Portada-organigrama-dif-2025-800x438.png 800w, https:\/\/dif.municipiodelnayar.gob.mx\/wp-content\/uploads\/2025\/11\/Portada-organigrama-dif-2025-1200x657.png 1200w, https:\/\/dif.municipiodelnayar.gob.mx\/wp-content\/uploads\/2025\/11\/Portada-organigrama-dif-2025.png 1273w\" sizes=\"(max-width: 800px) 100vw, 1200px\" \/><\/a><\/span><\/div><\/div><div class=\"fusion-clearfix\"><\/div><\/div><\/div><\/div><\/div><div class=\"fusion-fullwidth fullwidth-box fusion-builder-row-3 nonhundred-percent-fullwidth non-hundred-percent-height-scrolling\" style=\"--awb-border-radius-top-left:0px;--awb-border-radius-top-right:0px;--awb-border-radius-bottom-right:0px;--awb-border-radius-bottom-left:0px;--awb-flex-wrap:wrap;\" ><div class=\"fusion-builder-row fusion-row\"><div class=\"fusion-layout-column fusion_builder_column fusion-builder-column-2 fusion_builder_column_1_1 1_1 fusion-one-full fusion-column-first fusion-column-last\" style=\"--awb-bg-size:cover;\"><div class=\"fusion-column-wrapper fusion-flex-column-wrapper-legacy\"><div class=\"awb-circles-info icons-on-outer-circle has-box-shadow\" style=\"--awb-gradient-start-position:0%;--awb-gradient-end-position:100%;--awb-linear-angle:180deg;--awb-radial-direction:circle at center center;\" data-activation-type=\"mouseover\"><div class=\"awb-circles-info-wrapper\"><div class=\"awb-circles-info-icons-wrapper\"><div class=\"awb-circles-info-tab-link\" data-id=\"1\"><span><i class=\"fa-flag fas\"><\/i><\/span><\/div><div class=\"awb-circles-info-tab-link\" data-id=\"2\"><span><i class=\"fa-flag fas\"><\/i><\/span><\/div><div class=\"awb-circles-info-tab-link\" data-id=\"3\"><span><i class=\"fa-flag fas\"><\/i><\/span><\/div><div class=\"awb-circles-info-tab-link\" data-id=\"4\"><span><i class=\"fa-flag fas\"><\/i><\/span><\/div><\/div><div class=\"awb-circles-info-content-wrapper\"><div class=\"awb-circle-info awb-circles-info-content-area awb-circle-info-1 has-bg-color\" data-id=\"1\" style=\"--awb-title-font-size:var(--awb-typography1-font-size);--awb-title-color:#ffffff;--awb-title-hover-color:#b5b5b5;--awb-content-color:#000000;--awb-background-color:#dd30d5;--awb-title-text-transform:none;--awb-title-font-family:&#039;Iowan Old Style&#039;, &#039;Apple Garamond&#039;, Baskerville, &#039;Times New Roman&#039;, &#039;Droid Serif&#039;, Times, &#039;Source Serif Pro&#039;, serif;--awb-title-font-style:normal;--awb-title-font-weight:400;\"><div class=\"awb-circles-info-title\"><a href=\" https:\/\/dif.municipiodelnayar.gob.mx\/?page_id=9600 \" target=\"_blank\">POLITICA DE CALIDAD<\/a><\/div><\/div><div class=\"awb-circle-info awb-circles-info-content-area awb-circle-info-2 has-bg-color\" data-id=\"2\" style=\"--awb-title-font-size:var(--awb-typography1-font-size);--awb-title-color:#ffffff;--awb-title-hover-color:#b5b5b5;--awb-background-color:#dd30d5;\"><div class=\"awb-circles-info-title\"><a href=\"https:\/\/dif.municipiodelnayar.gob.mx\/?page_id=9605 \" target=\"_blank\">M I S I O N<\/a><\/div><\/div><div class=\"awb-circle-info awb-circles-info-content-area awb-circle-info-3 has-bg-color\" data-id=\"3\" style=\"--awb-title-font-size:var(--awb-typography1-font-size);--awb-title-color:#ffffff;--awb-title-hover-color:#b5b5b5;--awb-background-color:#dd30d5;\"><div class=\"awb-circles-info-title\"><a href=\" https:\/\/dif.municipiodelnayar.gob.mx\/?page_id=9609 \" target=\"_blank\">V I S I O N<\/a><\/div><\/div><div class=\"awb-circle-info awb-circles-info-content-area awb-circle-info-4 has-bg-color\" data-id=\"4\" style=\"--awb-title-font-size:var(--awb-typography1-font-size);--awb-title-color:#ffffff;--awb-title-hover-color:#b5b5b5;--awb-background-color:#dd30d5;\"><div class=\"awb-circles-info-title\"><a href=\" https:\/\/dif.municipiodelnayar.gob.mx\/?page_id=9615\" target=\"_blank\">V A L O R E S DEL SMDIF<\/a><\/div><\/div><\/div><\/div><\/div><div class=\"fusion-clearfix\"><\/div><\/div><\/div><\/div><\/div><div class=\"fusion-fullwidth fullwidth-box fusion-builder-row-4 nonhundred-percent-fullwidth non-hundred-percent-height-scrolling\" style=\"--awb-border-radius-top-left:0px;--awb-border-radius-top-right:0px;--awb-border-radius-bottom-right:0px;--awb-border-radius-bottom-left:0px;--awb-margin-top:80px;--awb-margin-bottom:80px;--awb-flex-wrap:wrap;\" ><div class=\"fusion-builder-row fusion-row\"><div class=\"fusion-layout-column fusion_builder_column fusion-builder-column-3 fusion_builder_column_1_1 1_1 fusion-one-full fusion-column-first fusion-column-last\" style=\"--awb-bg-size:cover;\"><div class=\"fusion-column-wrapper fusion-flex-column-wrapper-legacy\"><div class=\"fusion-text fusion-text-3\"><h2><strong>Noticias recientes<\/strong><\/h2>\n<\/div><div class=\"fusion-sep-clear\"><\/div><div class=\"fusion-separator fusion-clearfix\" style=\"float:left;margin-bottom:30px;width:100%;max-width:206px;\"><div class=\"fusion-separator-border sep-single sep-solid\" style=\"--awb-height:20px;--awb-amount:20px;--awb-sep-color:#fed03d;border-color:#fed03d;border-top-width:2px;\"><\/div><\/div><div class=\"fusion-sep-clear\"><\/div><div class=\"fusion-blog-shortcode fusion-blog-shortcode-1 fusion-blog-archive fusion-blog-layout-medium-alternate fusion-blog-pagination\"><div class=\"fusion-posts-container fusion-posts-container-pagination fusion-blog-rollover\" data-pages=\"1\"><article id=\"blog-1-post-9739\" class=\"fusion-post-medium-alternate post-9739 post type-post status-publish format-standard hentry category-dif category-oromapas\">\n<div class=\"fusion-date-and-formats\"><div class=\"fusion-date-box updated\"><span class=\"fusion-date\">24<\/span><span class=\"fusion-month-year\">01, 2025<\/span><\/div><div class=\"fusion-format-box\"><i class=\"awb-icon-pen\" aria-hidden=\"true\"><\/i><\/div><\/div>\t<style type=\"text\/css\">\n\t\t\n\t\t\n\t\t\n\t\t\n\t\t\t<\/style>\n\n\n<div class=\"fusion-post-content post-content\"><h2 class=\"blog-shortcode-post-title entry-title\"><a href=\"https:\/\/dif.municipiodelnayar.gob.mx\/?p=9739\">Capacitaci\u00f3n de Autoridades y Organismos Municipales Del Nayar<\/a><\/h2><p class=\"fusion-single-line-meta\">By <span class=\"vcard\"><span class=\"fn\"><a href=\"https:\/\/dif.municipiodelnayar.gob.mx\/?author=9\" title=\"Entradas de administrador page\" rel=\"author\">administrador page<\/a><\/span><\/span><span class=\"fusion-inline-sep\">|<\/span><span class=\"updated\" style=\"display:none;\">2025-01-24T18:50:30+00:00<\/span><span>enero 24th, 2025<\/span><span class=\"fusion-inline-sep\">|<\/span>Categories: <a href=\"https:\/\/dif.municipiodelnayar.gob.mx\/?cat=8\" rel=\"category\">Dif<\/a>, <a href=\"https:\/\/dif.municipiodelnayar.gob.mx\/?cat=5\" rel=\"category\">Oromapas<\/a><span class=\"fusion-inline-sep\">|<\/span><span class=\"fusion-comments\"><a href=\"https:\/\/dif.municipiodelnayar.gob.mx\/?p=9739#respond\">0 Comments<\/a><\/span><\/p><div class=\"fusion-post-content-container\"><p><\/p><\/div><\/div><div class=\"fusion-clearfix\"><\/div><div class=\"fusion-meta-info\"><div class=\"fusion-alignright\"><a class=\"fusion-read-more\" href=\"https:\/\/dif.municipiodelnayar.gob.mx\/?p=9739\" aria-label=\"More on Capacitaci\u00f3n de Autoridades y Organismos Municipales Del Nayar\">Read More<\/a><\/div><\/div><\/article>\n<article id=\"blog-1-post-9692\" class=\"fusion-post-medium-alternate post-9692 post type-post status-publish format-standard has-post-thumbnail hentry category-dif\">\n<div class=\"fusion-date-and-formats\"><div class=\"fusion-date-box updated\"><span class=\"fusion-date\">26<\/span><span class=\"fusion-month-year\">11, 2024<\/span><\/div><div class=\"fusion-format-box\"><i class=\"awb-icon-pen\" aria-hidden=\"true\"><\/i><\/div><\/div>\t<style type=\"text\/css\">\n\t\t\n\t\t\n\t\t\n\t\t\n\t\t\t<\/style>\n\n\n\t\t\t<div class=\"fusion-flexslider flexslider fusion-flexslider-loading fusion-post-slideshow\" style=\"\">\n\t\t<ul class=\"slides\">\n\t\t\t\n\t\t\t\t\t\t\t\t\t\t\t\t\t\t<li><div  class=\"fusion-image-wrapper fusion-image-size-fixed\" aria-haspopup=\"true\">\n\t\t\t\t<img decoding=\"async\" width=\"320\" height=\"202\" src=\"https:\/\/dif.municipiodelnayar.gob.mx\/wp-content\/uploads\/2024\/11\/Apoyo-mas-despensa-1-320x202.jpg\" class=\"attachment-blog-medium size-blog-medium wp-post-image\" alt=\"\" srcset=\"https:\/\/dif.municipiodelnayar.gob.mx\/wp-content\/uploads\/2024\/11\/Apoyo-mas-despensa-1-320x202.jpg 320w, https:\/\/dif.municipiodelnayar.gob.mx\/wp-content\/uploads\/2024\/11\/Apoyo-mas-despensa-1-700x441.jpg 700w\" sizes=\"(max-width: 320px) 100vw, 320px\" \/><div class=\"fusion-rollover\">\n\t<div class=\"fusion-rollover-content\">\n\n\t\t\t\t\t\t\t\t\t\t\t\t\t\t<a class=\"fusion-rollover-link\" href=\"https:\/\/dif.municipiodelnayar.gob.mx\/?p=9692\">Imelda Escobedo apoya con despensas a escuelas y familias humildes.<\/a>\n\t\t\t\n\t\t\t\t\t\t\t\t\t\t\t\t\t\t\n\t\t\t\t\t\t\t\t\n\t\t\t\t\t\t\t\t\t\t\t\t\t<div class=\"fusion-rollover-sep\"><\/div>\n\t\t\t\t\n\t\t\t\t\t\t\t\t\t\t\t\t\t\t\t\t\t\t<a class=\"fusion-rollover-gallery\" href=\"https:\/\/dif.municipiodelnayar.gob.mx\/wp-content\/uploads\/2024\/11\/Apoyo-mas-despensa-1.jpg\" data-id=\"9692\" data-rel=\"iLightbox[gallery]\" data-title=\"Apoyo mas despensa 1\" data-caption=\"\">\n\t\t\t\t\t\tGallery\t\t\t\t\t<\/a>\n\t\t\t\t\t\t\t\t\t\t\t\t\t\t\n\t\t\n\t\t\t\t\t\t\t\t\t\t\t\t<h4 class=\"fusion-rollover-title\">\n\t\t\t\t\t<a class=\"fusion-rollover-title-link\" href=\"https:\/\/dif.municipiodelnayar.gob.mx\/?p=9692\">\n\t\t\t\t\t\tImelda Escobedo apoya con despensas a escuelas y familias humildes.\t\t\t\t\t<\/a>\n\t\t\t\t<\/h4>\n\t\t\t\n\t\t\t\t\t\t\t\t\t\t<div class=\"fusion-rollover-categories\"><a href=\"https:\/\/dif.municipiodelnayar.gob.mx\/?cat=8\" rel=\"tag\">Dif<\/a><\/div>\t\t\t\t\t\n\t\t\n\t\t\t\t\t\t<a class=\"fusion-link-wrapper\" href=\"https:\/\/dif.municipiodelnayar.gob.mx\/?p=9692\" aria-label=\"Imelda Escobedo apoya con despensas a escuelas y familias humildes.\"><\/a>\n\t<\/div>\n<\/div>\n<\/div>\n<\/li>\n\t\t\t\n\t\t\t\n\t\t\t\t\t\t\t\t\t\t\t\t\t\t\t\t\t\t\t\t\t\t\t\t\t\t\t\t\t\t\t\t\t\t\t\t\t\t\t\t\t\t\t\t\t\t\t\t\t\t\t\t\t\t\t\t\t\t\t\t\t\t\t\t\t\t\t\t<\/ul>\n\t<\/div>\n\t<div class=\"fusion-post-content post-content\"><h2 class=\"blog-shortcode-post-title entry-title\"><a href=\"https:\/\/dif.municipiodelnayar.gob.mx\/?p=9692\">Imelda Escobedo apoya con despensas a escuelas y familias humildes.<\/a><\/h2><p class=\"fusion-single-line-meta\">By <span class=\"vcard\"><span class=\"fn\"><a href=\"https:\/\/dif.municipiodelnayar.gob.mx\/?author=9\" title=\"Entradas de administrador page\" rel=\"author\">administrador page<\/a><\/span><\/span><span class=\"fusion-inline-sep\">|<\/span><span class=\"updated\" style=\"display:none;\">2024-11-26T05:56:29+00:00<\/span><span>noviembre 26th, 2024<\/span><span class=\"fusion-inline-sep\">|<\/span>Categories: <a href=\"https:\/\/dif.municipiodelnayar.gob.mx\/?cat=8\" rel=\"category\">Dif<\/a><span class=\"fusion-inline-sep\">|<\/span><span class=\"fusion-comments\"><a href=\"https:\/\/dif.municipiodelnayar.gob.mx\/?p=9692#respond\">0 Comments<\/a><\/span><\/p><div class=\"fusion-post-content-container\"><p> Preocupada por solventar la alimentaci\u00f3n de las familias de<\/p><\/div><\/div><div class=\"fusion-clearfix\"><\/div><div class=\"fusion-meta-info\"><div class=\"fusion-alignright\"><a class=\"fusion-read-more\" href=\"https:\/\/dif.municipiodelnayar.gob.mx\/?p=9692\" aria-label=\"More on Imelda Escobedo apoya con despensas a escuelas y familias humildes.\">Read More<\/a><\/div><\/div><\/article>\n<article id=\"blog-1-post-9678\" class=\"fusion-post-medium-alternate post-9678 post type-post status-publish format-standard has-post-thumbnail hentry category-dif\">\n<div class=\"fusion-date-and-formats\"><div class=\"fusion-date-box updated\"><span class=\"fusion-date\">26<\/span><span class=\"fusion-month-year\">11, 2024<\/span><\/div><div class=\"fusion-format-box\"><i class=\"awb-icon-pen\" aria-hidden=\"true\"><\/i><\/div><\/div>\t<style type=\"text\/css\">\n\t\t\n\t\t\n\t\t\n\t\t\n\t\t\t<\/style>\n\n\n\t\t\t<div class=\"fusion-flexslider flexslider fusion-flexslider-loading fusion-post-slideshow\" style=\"\">\n\t\t<ul class=\"slides\">\n\t\t\t\n\t\t\t\t\t\t\t\t\t\t\t\t\t\t<li><div  class=\"fusion-image-wrapper fusion-image-size-fixed\" aria-haspopup=\"true\">\n\t\t\t\t<img decoding=\"async\" width=\"320\" height=\"202\" src=\"https:\/\/dif.municipiodelnayar.gob.mx\/wp-content\/uploads\/2024\/11\/LLegan-Despensas-4-320x202.jpg\" class=\"attachment-blog-medium size-blog-medium wp-post-image\" alt=\"\" srcset=\"https:\/\/dif.municipiodelnayar.gob.mx\/wp-content\/uploads\/2024\/11\/LLegan-Despensas-4-320x202.jpg 320w, https:\/\/dif.municipiodelnayar.gob.mx\/wp-content\/uploads\/2024\/11\/LLegan-Despensas-4-700x441.jpg 700w\" sizes=\"(max-width: 320px) 100vw, 320px\" \/><div class=\"fusion-rollover\">\n\t<div class=\"fusion-rollover-content\">\n\n\t\t\t\t\t\t\t\t\t\t\t\t\t\t<a class=\"fusion-rollover-link\" href=\"https:\/\/dif.municipiodelnayar.gob.mx\/?p=9678\">Llegan m\u00e1s despensas para Del Nayar.<\/a>\n\t\t\t\n\t\t\t\t\t\t\t\t\t\t\t\t\t\t\n\t\t\t\t\t\t\t\t\n\t\t\t\t\t\t\t\t\t\t\t\t\t<div class=\"fusion-rollover-sep\"><\/div>\n\t\t\t\t\n\t\t\t\t\t\t\t\t\t\t\t\t\t\t\t\t\t\t<a class=\"fusion-rollover-gallery\" href=\"https:\/\/dif.municipiodelnayar.gob.mx\/wp-content\/uploads\/2024\/11\/LLegan-Despensas-4.jpg\" data-id=\"9678\" data-rel=\"iLightbox[gallery]\" data-title=\"LLegan Despensas 4\" data-caption=\"\">\n\t\t\t\t\t\tGallery\t\t\t\t\t<\/a>\n\t\t\t\t\t\t\t\t\t\t\t\t\t\t\n\t\t\n\t\t\t\t\t\t\t\t\t\t\t\t<h4 class=\"fusion-rollover-title\">\n\t\t\t\t\t<a class=\"fusion-rollover-title-link\" href=\"https:\/\/dif.municipiodelnayar.gob.mx\/?p=9678\">\n\t\t\t\t\t\tLlegan m\u00e1s despensas para Del Nayar.\t\t\t\t\t<\/a>\n\t\t\t\t<\/h4>\n\t\t\t\n\t\t\t\t\t\t\t\t\t\t<div class=\"fusion-rollover-categories\"><a href=\"https:\/\/dif.municipiodelnayar.gob.mx\/?cat=8\" rel=\"tag\">Dif<\/a><\/div>\t\t\t\t\t\n\t\t\n\t\t\t\t\t\t<a class=\"fusion-link-wrapper\" href=\"https:\/\/dif.municipiodelnayar.gob.mx\/?p=9678\" aria-label=\"Llegan m\u00e1s despensas para Del Nayar.\"><\/a>\n\t<\/div>\n<\/div>\n<\/div>\n<\/li>\n\t\t\t\n\t\t\t\n\t\t\t\t\t\t\t\t\t\t\t\t\t\t\t\t\t\t\t\t\t\t\t\t\t\t\t\t\t\t\t\t\t\t\t\t\t\t\t\t\t\t\t\t\t\t\t\t\t\t\t\t\t\t\t\t\t\t\t\t\t\t\t\t\t\t\t\t<\/ul>\n\t<\/div>\n\t<div class=\"fusion-post-content post-content\"><h2 class=\"blog-shortcode-post-title entry-title\"><a href=\"https:\/\/dif.municipiodelnayar.gob.mx\/?p=9678\">Llegan m\u00e1s despensas para Del Nayar.<\/a><\/h2><p class=\"fusion-single-line-meta\">By <span class=\"vcard\"><span class=\"fn\"><a href=\"https:\/\/dif.municipiodelnayar.gob.mx\/?author=9\" title=\"Entradas de administrador page\" rel=\"author\">administrador page<\/a><\/span><\/span><span class=\"fusion-inline-sep\">|<\/span><span class=\"updated\" style=\"display:none;\">2024-11-26T05:47:20+00:00<\/span><span>noviembre 26th, 2024<\/span><span class=\"fusion-inline-sep\">|<\/span>Categories: <a href=\"https:\/\/dif.municipiodelnayar.gob.mx\/?cat=8\" rel=\"category\">Dif<\/a><span class=\"fusion-inline-sep\">|<\/span><span class=\"fusion-comments\"><a href=\"https:\/\/dif.municipiodelnayar.gob.mx\/?p=9678#respond\">0 Comments<\/a><\/span><\/p><div class=\"fusion-post-content-container\"><p> Comprometidos y preocupados por la alimentaci\u00f3n de los estudiantes,<\/p><\/div><\/div><div class=\"fusion-clearfix\"><\/div><div class=\"fusion-meta-info\"><div class=\"fusion-alignright\"><a class=\"fusion-read-more\" href=\"https:\/\/dif.municipiodelnayar.gob.mx\/?p=9678\" aria-label=\"More on Llegan m\u00e1s despensas para Del Nayar.\">Read More<\/a><\/div><\/div><\/article>\n<article id=\"blog-1-post-9666\" class=\"fusion-post-medium-alternate post-9666 post type-post status-publish format-standard has-post-thumbnail hentry category-dif\">\n<div class=\"fusion-date-and-formats\"><div class=\"fusion-date-box updated\"><span class=\"fusion-date\">26<\/span><span class=\"fusion-month-year\">11, 2024<\/span><\/div><div class=\"fusion-format-box\"><i class=\"awb-icon-pen\" aria-hidden=\"true\"><\/i><\/div><\/div>\t<style type=\"text\/css\">\n\t\t\n\t\t\n\t\t\n\t\t\n\t\t\t<\/style>\n\n\n\t\t\t<div class=\"fusion-flexslider flexslider fusion-flexslider-loading fusion-post-slideshow\" style=\"\">\n\t\t<ul class=\"slides\">\n\t\t\t\n\t\t\t\t\t\t\t\t\t\t\t\t\t\t<li><div  class=\"fusion-image-wrapper fusion-image-size-fixed\" aria-haspopup=\"true\">\n\t\t\t\t<img decoding=\"async\" width=\"320\" height=\"202\" src=\"https:\/\/dif.municipiodelnayar.gob.mx\/wp-content\/uploads\/2024\/11\/DIf-Consejo-2-320x202.jpg\" class=\"attachment-blog-medium size-blog-medium wp-post-image\" alt=\"\" srcset=\"https:\/\/dif.municipiodelnayar.gob.mx\/wp-content\/uploads\/2024\/11\/DIf-Consejo-2-320x202.jpg 320w, https:\/\/dif.municipiodelnayar.gob.mx\/wp-content\/uploads\/2024\/11\/DIf-Consejo-2-700x441.jpg 700w\" sizes=\"(max-width: 320px) 100vw, 320px\" \/><div class=\"fusion-rollover\">\n\t<div class=\"fusion-rollover-content\">\n\n\t\t\t\t\t\t\t\t\t\t\t\t\t\t<a class=\"fusion-rollover-link\" href=\"https:\/\/dif.municipiodelnayar.gob.mx\/?p=9666\">Arranca en operaci\u00f3n los  Consejos Municipales Contra las Adicciones.<\/a>\n\t\t\t\n\t\t\t\t\t\t\t\t\t\t\t\t\t\t\n\t\t\t\t\t\t\t\t\n\t\t\t\t\t\t\t\t\t\t\t\t\t<div class=\"fusion-rollover-sep\"><\/div>\n\t\t\t\t\n\t\t\t\t\t\t\t\t\t\t\t\t\t\t\t\t\t\t<a class=\"fusion-rollover-gallery\" href=\"https:\/\/dif.municipiodelnayar.gob.mx\/wp-content\/uploads\/2024\/11\/DIf-Consejo-2.jpg\" data-id=\"9666\" data-rel=\"iLightbox[gallery]\" data-title=\"DIf Consejo 2\" data-caption=\"\">\n\t\t\t\t\t\tGallery\t\t\t\t\t<\/a>\n\t\t\t\t\t\t\t\t\t\t\t\t\t\t\n\t\t\n\t\t\t\t\t\t\t\t\t\t\t\t<h4 class=\"fusion-rollover-title\">\n\t\t\t\t\t<a class=\"fusion-rollover-title-link\" href=\"https:\/\/dif.municipiodelnayar.gob.mx\/?p=9666\">\n\t\t\t\t\t\tArranca en operaci\u00f3n los  Consejos Municipales Contra las Adicciones.\t\t\t\t\t<\/a>\n\t\t\t\t<\/h4>\n\t\t\t\n\t\t\t\t\t\t\t\t\t\t<div class=\"fusion-rollover-categories\"><a href=\"https:\/\/dif.municipiodelnayar.gob.mx\/?cat=8\" rel=\"tag\">Dif<\/a><\/div>\t\t\t\t\t\n\t\t\n\t\t\t\t\t\t<a class=\"fusion-link-wrapper\" href=\"https:\/\/dif.municipiodelnayar.gob.mx\/?p=9666\" aria-label=\"Arranca en operaci\u00f3n los  Consejos Municipales Contra las Adicciones.\"><\/a>\n\t<\/div>\n<\/div>\n<\/div>\n<\/li>\n\t\t\t\n\t\t\t\n\t\t\t\t\t\t\t\t\t\t\t\t\t\t\t\t\t\t\t\t\t\t\t\t\t\t\t\t\t\t\t\t\t\t\t\t\t\t\t\t\t\t\t\t\t\t\t\t\t\t\t\t\t\t\t\t\t\t\t\t\t\t\t\t\t\t\t\t<\/ul>\n\t<\/div>\n\t<div class=\"fusion-post-content post-content\"><h2 class=\"blog-shortcode-post-title entry-title\"><a href=\"https:\/\/dif.municipiodelnayar.gob.mx\/?p=9666\">Arranca en operaci\u00f3n los  Consejos Municipales Contra las Adicciones.<\/a><\/h2><p class=\"fusion-single-line-meta\">By <span class=\"vcard\"><span class=\"fn\"><a href=\"https:\/\/dif.municipiodelnayar.gob.mx\/?author=9\" title=\"Entradas de administrador page\" rel=\"author\">administrador page<\/a><\/span><\/span><span class=\"fusion-inline-sep\">|<\/span><span class=\"updated\" style=\"display:none;\">2024-11-26T05:33:28+00:00<\/span><span>noviembre 26th, 2024<\/span><span class=\"fusion-inline-sep\">|<\/span>Categories: <a href=\"https:\/\/dif.municipiodelnayar.gob.mx\/?cat=8\" rel=\"category\">Dif<\/a><span class=\"fusion-inline-sep\">|<\/span><span class=\"fusion-comments\"><a href=\"https:\/\/dif.municipiodelnayar.gob.mx\/?p=9666#respond\">0 Comments<\/a><\/span><\/p><div class=\"fusion-post-content-container\"><p>Con la finalidad de prevenir el consumo de sustancias adictivas<\/p><\/div><\/div><div class=\"fusion-clearfix\"><\/div><div class=\"fusion-meta-info\"><div class=\"fusion-alignright\"><a class=\"fusion-read-more\" href=\"https:\/\/dif.municipiodelnayar.gob.mx\/?p=9666\" aria-label=\"More on Arranca en operaci\u00f3n los  Consejos Municipales Contra las Adicciones.\">Read More<\/a><\/div><\/div><\/article>\n<article id=\"blog-1-post-9638\" class=\"fusion-post-medium-alternate post-9638 post type-post status-publish format-standard has-post-thumbnail hentry category-dif\">\n<div class=\"fusion-date-and-formats\"><div class=\"fusion-date-box updated\"><span class=\"fusion-date\">26<\/span><span class=\"fusion-month-year\">11, 2024<\/span><\/div><div class=\"fusion-format-box\"><i class=\"awb-icon-pen\" aria-hidden=\"true\"><\/i><\/div><\/div>\t<style type=\"text\/css\">\n\t\t\n\t\t\n\t\t\n\t\t\n\t\t\t<\/style>\n\n\n\t\t\t<div class=\"fusion-flexslider flexslider fusion-flexslider-loading fusion-post-slideshow\" style=\"\">\n\t\t<ul class=\"slides\">\n\t\t\t\n\t\t\t\t\t\t\t\t\t\t\t\t\t\t<li><div  class=\"fusion-image-wrapper fusion-image-size-fixed\" aria-haspopup=\"true\">\n\t\t\t\t<img decoding=\"async\" width=\"320\" height=\"202\" src=\"https:\/\/dif.municipiodelnayar.gob.mx\/wp-content\/uploads\/2024\/11\/Dif-apoyo-lentes-2-320x202.jpg\" class=\"attachment-blog-medium size-blog-medium wp-post-image\" alt=\"\" srcset=\"https:\/\/dif.municipiodelnayar.gob.mx\/wp-content\/uploads\/2024\/11\/Dif-apoyo-lentes-2-320x202.jpg 320w, https:\/\/dif.municipiodelnayar.gob.mx\/wp-content\/uploads\/2024\/11\/Dif-apoyo-lentes-2-700x441.jpg 700w\" sizes=\"(max-width: 320px) 100vw, 320px\" \/><div class=\"fusion-rollover\">\n\t<div class=\"fusion-rollover-content\">\n\n\t\t\t\t\t\t\t\t\t\t\t\t\t\t<a class=\"fusion-rollover-link\" href=\"https:\/\/dif.municipiodelnayar.gob.mx\/?p=9638\">Habitantes Del Nayar se beneficiar\u00e1n con lentes y cirug\u00edas oftalmol\u00f3gicas gratis.<\/a>\n\t\t\t\n\t\t\t\t\t\t\t\t\t\t\t\t\t\t\n\t\t\t\t\t\t\t\t\n\t\t\t\t\t\t\t\t\t\t\t\t\t<div class=\"fusion-rollover-sep\"><\/div>\n\t\t\t\t\n\t\t\t\t\t\t\t\t\t\t\t\t\t\t\t\t\t\t<a class=\"fusion-rollover-gallery\" href=\"https:\/\/dif.municipiodelnayar.gob.mx\/wp-content\/uploads\/2024\/11\/Dif-apoyo-lentes-2.jpg\" data-id=\"9638\" data-rel=\"iLightbox[gallery]\" data-title=\"Dif apoyo lentes 2\" data-caption=\"\">\n\t\t\t\t\t\tGallery\t\t\t\t\t<\/a>\n\t\t\t\t\t\t\t\t\t\t\t\t\t\t\n\t\t\n\t\t\t\t\t\t\t\t\t\t\t\t<h4 class=\"fusion-rollover-title\">\n\t\t\t\t\t<a class=\"fusion-rollover-title-link\" href=\"https:\/\/dif.municipiodelnayar.gob.mx\/?p=9638\">\n\t\t\t\t\t\tHabitantes Del Nayar se beneficiar\u00e1n con lentes y cirug\u00edas oftalmol\u00f3gicas gratis.\t\t\t\t\t<\/a>\n\t\t\t\t<\/h4>\n\t\t\t\n\t\t\t\t\t\t\t\t\t\t<div class=\"fusion-rollover-categories\"><a href=\"https:\/\/dif.municipiodelnayar.gob.mx\/?cat=8\" rel=\"tag\">Dif<\/a><\/div>\t\t\t\t\t\n\t\t\n\t\t\t\t\t\t<a class=\"fusion-link-wrapper\" href=\"https:\/\/dif.municipiodelnayar.gob.mx\/?p=9638\" aria-label=\"Habitantes Del Nayar se beneficiar\u00e1n con lentes y cirug\u00edas oftalmol\u00f3gicas gratis.\"><\/a>\n\t<\/div>\n<\/div>\n<\/div>\n<\/li>\n\t\t\t\n\t\t\t\n\t\t\t\t\t\t\t\t\t\t\t\t\t\t\t\t\t\t\t\t\t\t\t\t\t\t\t\t\t\t\t\t\t\t\t\t\t\t\t\t\t\t\t\t\t\t\t\t\t\t\t\t\t\t\t\t\t\t\t\t\t\t\t\t\t\t\t\t<\/ul>\n\t<\/div>\n\t<div class=\"fusion-post-content post-content\"><h2 class=\"blog-shortcode-post-title entry-title\"><a href=\"https:\/\/dif.municipiodelnayar.gob.mx\/?p=9638\">Habitantes Del Nayar se beneficiar\u00e1n con lentes y cirug\u00edas oftalmol\u00f3gicas gratis.<\/a><\/h2><p class=\"fusion-single-line-meta\">By <span class=\"vcard\"><span class=\"fn\"><a href=\"https:\/\/dif.municipiodelnayar.gob.mx\/?author=9\" title=\"Entradas de administrador page\" rel=\"author\">administrador page<\/a><\/span><\/span><span class=\"fusion-inline-sep\">|<\/span><span class=\"updated\" style=\"display:none;\">2024-11-26T05:16:48+00:00<\/span><span>noviembre 26th, 2024<\/span><span class=\"fusion-inline-sep\">|<\/span>Categories: <a href=\"https:\/\/dif.municipiodelnayar.gob.mx\/?cat=8\" rel=\"category\">Dif<\/a><span class=\"fusion-inline-sep\">|<\/span><span class=\"fusion-comments\"><a href=\"https:\/\/dif.municipiodelnayar.gob.mx\/?p=9638#respond\">0 Comments<\/a><\/span><\/p><div class=\"fusion-post-content-container\"><p> Con \u00e9xito se llev\u00f3 a cabo en Jes\u00fas Mar\u00eda,<\/p><\/div><\/div><div class=\"fusion-clearfix\"><\/div><div class=\"fusion-meta-info\"><div class=\"fusion-alignright\"><a class=\"fusion-read-more\" href=\"https:\/\/dif.municipiodelnayar.gob.mx\/?p=9638\" aria-label=\"More on Habitantes Del Nayar se beneficiar\u00e1n con lentes y cirug\u00edas oftalmol\u00f3gicas gratis.\">Read More<\/a><\/div><\/div><\/article>\n<article id=\"blog-1-post-9563\" class=\"fusion-post-medium-alternate post-9563 post type-post status-publish format-standard has-post-thumbnail hentry category-dif\">\n<div class=\"fusion-date-and-formats\"><div class=\"fusion-date-box updated\"><span class=\"fusion-date\">16<\/span><span class=\"fusion-month-year\">11, 2024<\/span><\/div><div class=\"fusion-format-box\"><i class=\"awb-icon-pen\" aria-hidden=\"true\"><\/i><\/div><\/div>\t<style type=\"text\/css\">\n\t\t\n\t\t\n\t\t\n\t\t\n\t\t\t<\/style>\n\n\n\t\t\t<div class=\"fusion-flexslider flexslider fusion-flexslider-loading fusion-post-slideshow\" style=\"\">\n\t\t<ul class=\"slides\">\n\t\t\t\n\t\t\t\t\t\t\t\t\t\t\t\t\t\t<li><div  class=\"fusion-image-wrapper fusion-image-size-fixed\" aria-haspopup=\"true\">\n\t\t\t\t<img decoding=\"async\" width=\"320\" height=\"202\" src=\"https:\/\/dif.municipiodelnayar.gob.mx\/wp-content\/uploads\/2024\/11\/apoyoimelda1-320x202.jpg\" class=\"attachment-blog-medium size-blog-medium wp-post-image\" alt=\"\" srcset=\"https:\/\/dif.municipiodelnayar.gob.mx\/wp-content\/uploads\/2024\/11\/apoyoimelda1-320x202.jpg 320w, https:\/\/dif.municipiodelnayar.gob.mx\/wp-content\/uploads\/2024\/11\/apoyoimelda1-700x441.jpg 700w\" sizes=\"(max-width: 320px) 100vw, 320px\" \/><div class=\"fusion-rollover\">\n\t<div class=\"fusion-rollover-content\">\n\n\t\t\t\t\t\t\t\t\t\t\t\t\t\t<a class=\"fusion-rollover-link\" href=\"https:\/\/dif.municipiodelnayar.gob.mx\/?p=9563\">Imelda env\u00eda apoyo alimentario a diversos pueblos<\/a>\n\t\t\t\n\t\t\t\t\t\t\t\t\t\t\t\t\t\t\n\t\t\t\t\t\t\t\t\n\t\t\t\t\t\t\t\t\t\t\t\t\t<div class=\"fusion-rollover-sep\"><\/div>\n\t\t\t\t\n\t\t\t\t\t\t\t\t\t\t\t\t\t\t\t\t\t\t<a class=\"fusion-rollover-gallery\" href=\"https:\/\/dif.municipiodelnayar.gob.mx\/wp-content\/uploads\/2024\/11\/apoyoimelda1.jpg\" data-id=\"9563\" data-rel=\"iLightbox[gallery]\" data-title=\"apoyoimelda1\" data-caption=\"\">\n\t\t\t\t\t\tGallery\t\t\t\t\t<\/a>\n\t\t\t\t\t\t\t\t\t\t\t\t\t\t\n\t\t\n\t\t\t\t\t\t\t\t\t\t\t\t<h4 class=\"fusion-rollover-title\">\n\t\t\t\t\t<a class=\"fusion-rollover-title-link\" href=\"https:\/\/dif.municipiodelnayar.gob.mx\/?p=9563\">\n\t\t\t\t\t\tImelda env\u00eda apoyo alimentario a diversos pueblos\t\t\t\t\t<\/a>\n\t\t\t\t<\/h4>\n\t\t\t\n\t\t\t\t\t\t\t\t\t\t<div class=\"fusion-rollover-categories\"><a href=\"https:\/\/dif.municipiodelnayar.gob.mx\/?cat=8\" rel=\"tag\">Dif<\/a><\/div>\t\t\t\t\t\n\t\t\n\t\t\t\t\t\t<a class=\"fusion-link-wrapper\" href=\"https:\/\/dif.municipiodelnayar.gob.mx\/?p=9563\" aria-label=\"Imelda env\u00eda apoyo alimentario a diversos pueblos\"><\/a>\n\t<\/div>\n<\/div>\n<\/div>\n<\/li>\n\t\t\t\n\t\t\t\n\t\t\t\t\t\t\t\t\t\t\t\t\t\t\t\t\t\t\t\t\t\t\t\t\t\t\t\t\t\t\t\t\t\t\t\t\t\t\t\t\t\t\t\t\t\t\t\t\t\t\t\t\t\t\t\t\t\t\t\t\t\t\t\t\t\t\t\t<\/ul>\n\t<\/div>\n\t<div class=\"fusion-post-content post-content\"><h2 class=\"blog-shortcode-post-title entry-title\"><a href=\"https:\/\/dif.municipiodelnayar.gob.mx\/?p=9563\">Imelda env\u00eda apoyo alimentario a diversos pueblos<\/a><\/h2><p class=\"fusion-single-line-meta\">By <span class=\"vcard\"><span class=\"fn\"><a href=\"https:\/\/dif.municipiodelnayar.gob.mx\/?author=9\" title=\"Entradas de administrador page\" rel=\"author\">administrador page<\/a><\/span><\/span><span class=\"fusion-inline-sep\">|<\/span><span class=\"updated\" style=\"display:none;\">2024-11-16T18:10:32+00:00<\/span><span>noviembre 16th, 2024<\/span><span class=\"fusion-inline-sep\">|<\/span>Categories: <a href=\"https:\/\/dif.municipiodelnayar.gob.mx\/?cat=8\" rel=\"category\">Dif<\/a><span class=\"fusion-inline-sep\">|<\/span><span class=\"fusion-comments\"><a href=\"https:\/\/dif.municipiodelnayar.gob.mx\/?p=9563#respond\">0 Comments<\/a><\/span><\/p><div class=\"fusion-post-content-container\"><p> Por \u00f3rdenes de la alcalde, Imelda Escobedo y con<\/p><\/div><\/div><div class=\"fusion-clearfix\"><\/div><div class=\"fusion-meta-info\"><div class=\"fusion-alignright\"><a class=\"fusion-read-more\" href=\"https:\/\/dif.municipiodelnayar.gob.mx\/?p=9563\" aria-label=\"More on Imelda env\u00eda apoyo alimentario a diversos pueblos\">Read More<\/a><\/div><\/div><\/article>\n<\/div><\/div><div class=\"fusion-clearfix\"><\/div><\/div><\/div><\/div><\/div><\/p>\n","protected":false},"excerpt":{"rendered":"","protected":false},"author":9,"featured_media":0,"parent":0,"menu_order":0,"comment_status":"closed","ping_status":"closed","template":"100-width.php","meta":{"footnotes":""},"_links":{"self":[{"href":"https:\/\/dif.municipiodelnayar.gob.mx\/index.php?rest_route=\/wp\/v2\/pages\/15"}],"collection":[{"href":"https:\/\/dif.municipiodelnayar.gob.mx\/index.php?rest_route=\/wp\/v2\/pages"}],"about":[{"href":"https:\/\/dif.municipiodelnayar.gob.mx\/index.php?rest_route=\/wp\/v2\/types\/page"}],"author":[{"embeddable":true,"href":"https:\/\/dif.municipiodelnayar.gob.mx\/index.php?rest_route=\/wp\/v2\/users\/9"}],"replies":[{"embeddable":true,"href":"https:\/\/dif.municipiodelnayar.gob.mx\/index.php?rest_route=%2Fwp%2Fv2%2Fcomments&post=15"}],"version-history":[{"count":77,"href":"https:\/\/dif.municipiodelnayar.gob.mx\/index.php?rest_route=\/wp\/v2\/pages\/15\/revisions"}],"predecessor-version":[{"id":9906,"href":"https:\/\/dif.municipiodelnayar.gob.mx\/index.php?rest_route=\/wp\/v2\/pages\/15\/revisions\/9906"}],"wp:attachment":[{"href":"https:\/\/dif.municipiodelnayar.gob.mx\/index.php?rest_route=%2Fwp%2Fv2%2Fmedia&parent=15"}],"curies":[{"name":"wp","href":"https:\/\/api.w.org\/{rel}","templated":true}]}}